{"id":1922,"date":"2023-12-01T08:36:20","date_gmt":"2023-12-01T08:36:20","guid":{"rendered":"https:\/\/artworkprofesional.dreamhosters.com\/?post_type=product&#038;p=1922"},"modified":"2026-04-29T00:18:06","modified_gmt":"2026-04-29T00:18:06","slug":"pack-cabellos-coloreados","status":"publish","type":"product","link":"https:\/\/artworkprofesional.com\/pt\/produto\/pack-cabellos-coloreados\/","title":{"rendered":"D\u00fao Cabellos Coloreados True Nature"},"content":{"rendered":"<p class=\"cvGsUA direction-ltr align-start para-style-body\"><span class=\"OYPEnA font-feature-liga-off font-feature-clig-off font-feature-calt-off text-decoration-none text-strikethrough-none\">El Shampoo Color de True Nature est\u00e1 espec\u00edficamente dise\u00f1ado para proteger de las agresiones externas, la fibra del cabello te\u00f1ido. decolorado o con mechas. Mantiene el color brillante y luminoso durante m\u00e1s tiempo. La mascarilla, con prote\u00edna vegetal, manteca de karit\u00e9, glicerina vegetal, aceite de lino (rico omega-3) y extracto de Edelweis nutre intensamente el cabello protegiendo el color y prolongando su duraci\u00f3n.\u00a0<\/span><\/p>\n<ul>\n<li>Prolonga la duraci\u00f3n del color<\/li>\n<li>Protege, hidrata, reconstr\u00f3i e ilumina os cabelos coloridos ou descoloridos.<\/li>\n<li>Adequado para couro cabeludo sens\u00edvel.<\/li>\n<li>Sin Sulfatos, Sin Siliconas<\/li>\n<li>83% de ingredientes de origen natural<\/li>\n<li>Envase reciclado, elaborado en el pl\u00e1stico de mayor facilidad para el reciclaje ( R PET)<\/li>\n<\/ul>\n<p><strong>Ingredientes Shampoo Color:<\/strong><\/p>\n<p><span class=\"OYPEnA font-feature-liga-off font-feature-clig-off font-feature-calt-off text-decoration-none text-strikethrough-none\">AQUA\/WATER, COCAMIDOPROPYL BETAINE, DISODIUM LAURETH SULFOSUCCINATE, PEG-200 HYDROGENATED GLYCERYL PALMATE, PEG-7 GLYCERYL COCOATE, LAURYL GLUCOSIDE, COCAMIDE DEA, GUAR HYDROXYPROPYLTRIMONIUM CHLORIDE, COCODIMONIUM HYDROXYPROPYL HYDROLYZED WHEAT PROTEIN, ALOE BARBADENSIS LEAF EXTRACT, LEONTOPODIUM ALPINUM FLOWER\/LEAF EXTRACT, LINUM USITATISSIMUM (LINSEED) OIL, PARFUM\/FRAGRANCE, BENZYL BENZOATE, PHENOXYETHANOL, CAPRYLYL GLYCOL, SODIUM BENZOATE, POTASSIUM SORBATE, CITRIC ACID.<\/span><\/p>\n<p><strong>Ingredientes Mascarilla Color:<\/strong><\/p>\n<p><span class=\"OYPEnA font-feature-liga-off font-feature-clig-off font-feature-calt-off text-decoration-none text-strikethrough-none\">AQUA\/WATER, CETEARYL ALCOHOL, BEHENTRIMONIUM CHLORIDE, CAPRYLIC\/CAPRIC TRIGLYCERIDES, GLYCERIN, COCODIMONIUM HYDROXYPROPYL HYDROLYZED WHEAT PROTEIN, BUTYROSPERMUM PARKII (KARITE SHEA) BUTTER, LINUM USITATISSIMUM (LINSEED) OIL, PARFUM\/FRAGRANCE, BENZYL BENZOATE, GUAR HYDROXYPROPYLTRIMONIUM CHLORIDE, LEONTOPODIUM ALPINUM FLOWER\/LEAF EXTRACT, POTASSIUM SORBATE, SODIUM BENZOATE, PHENOXYETHANOL, CAPRYLYL GLYCOL, CITRIC ACID, TOCOPHERYL ACETATE (VITAMIN E).<\/span><\/p>\n<p class=\"cvGsUA direction-ltr align-start para-style-body\">","protected":false},"excerpt":{"rendered":"<p>D\u00fao Shampoo y mascarilla 500 ml para el cuidado natural del cabello coloreado, decolorado o con mechas. Con<span class=\"OYPEnA font-feature-liga-off font-feature-clig-off font-feature-calt-off text-decoration-none text-strikethrough-none\"> prote\u00edna vegetal, manteca de karit\u00e9, glicerina vegetal, aceite de lino (rico omega-3), aloe vera y extracto de Edelweis. Mantiene el color brillante y luminoso durante m\u00e1s tiempo. <\/span>Nutritivo y rico en antioxidantes.<\/p>\n<p>&nbsp;<\/p>","protected":false},"featured_media":4427,"template":"","meta":[],"product_brand":[],"product_cat":[49],"product_tag":[],"class_list":{"0":"post-1922","1":"product","2":"type-product","3":"status-publish","4":"has-post-thumbnail","6":"product_cat-tratamiento-bio-true-nature","7":"pa_linea-true-nature","9":"first","10":"instock","11":"sale","12":"taxable","13":"shipping-taxable","14":"purchasable","15":"product-type-simple"},"yoast_head":"<!-- This site is optimized with the Yoast SEO plugin v27.4 - https:\/\/yoast.com\/product\/yoast-seo-wordpress\/ -->\n<title>D\u00fao Cabellos Coloreados True Nature - Art Work Professional<\/title>\n<meta name=\"description\" content=\"Equilibra la agresividad de los tintes. .Protege, hidrata, reconstruye e ilumina el cabello coloreado o decolorado.\" \/>\n<meta name=\"robots\" content=\"index, follow, max-snippet:-1, max-image-preview:large, max-video-preview:-1\" \/>\n<link rel=\"canonical\" href=\"https:\/\/artworkprofesional.com\/pt\/produto\/pack-cabellos-coloreados\/\" \/>\n<meta property=\"og:locale\" content=\"pt_PT\" \/>\n<meta property=\"og:type\" content=\"article\" \/>\n<meta property=\"og:title\" content=\"D\u00fao Cabellos Coloreados True Nature - Art Work Professional\" \/>\n<meta property=\"og:description\" content=\"Equilibra la agresividad de los tintes. .Protege, hidrata, reconstruye e ilumina el cabello coloreado o decolorado.\" \/>\n<meta property=\"og:url\" content=\"https:\/\/artworkprofesional.com\/pt\/produto\/pack-cabellos-coloreados\/\" \/>\n<meta property=\"og:site_name\" content=\"Art Work Professional\" \/>\n<meta property=\"article:publisher\" content=\"https:\/\/www.facebook.com\/artworkprofessional\/\" \/>\n<meta property=\"article:modified_time\" content=\"2026-04-29T00:18:06+00:00\" \/>\n<meta property=\"og:image\" content=\"https:\/\/artworkprofesional.com\/wp-content\/uploads\/2023\/12\/Pack-TrueNature-Coloreado.jpg\" \/>\n\t<meta property=\"og:image:width\" content=\"800\" \/>\n\t<meta property=\"og:image:height\" content=\"1200\" \/>\n\t<meta property=\"og:image:type\" content=\"image\/jpeg\" \/>\n<meta name=\"twitter:card\" content=\"summary_large_image\" \/>\n<meta name=\"twitter:label1\" content=\"Tempo estimado de leitura\" \/>\n\t<meta name=\"twitter:data1\" content=\"2 minutos\" \/>\n<script type=\"application\/ld+json\" class=\"yoast-schema-graph\">{\"@context\":\"https:\\\/\\\/schema.org\",\"@graph\":[{\"@type\":\"WebPage\",\"@id\":\"https:\\\/\\\/artworkprofesional.com\\\/producto\\\/pack-cabellos-coloreados\\\/\",\"url\":\"https:\\\/\\\/artworkprofesional.com\\\/producto\\\/pack-cabellos-coloreados\\\/\",\"name\":\"D\u00fao Cabellos Coloreados True Nature - Art Work Professional\",\"isPartOf\":{\"@id\":\"https:\\\/\\\/artworkprofesional.com\\\/#website\"},\"primaryImageOfPage\":{\"@id\":\"https:\\\/\\\/artworkprofesional.com\\\/producto\\\/pack-cabellos-coloreados\\\/#primaryimage\"},\"image\":{\"@id\":\"https:\\\/\\\/artworkprofesional.com\\\/producto\\\/pack-cabellos-coloreados\\\/#primaryimage\"},\"thumbnailUrl\":\"https:\\\/\\\/artworkprofesional.com\\\/wp-content\\\/uploads\\\/2023\\\/12\\\/Pack-TrueNature-Coloreado.jpg\",\"datePublished\":\"2023-12-01T08:36:20+00:00\",\"dateModified\":\"2026-04-29T00:18:06+00:00\",\"description\":\"Equilibra la agresividad de los tintes. .Protege, hidrata, reconstruye e ilumina el cabello coloreado o decolorado.\",\"breadcrumb\":{\"@id\":\"https:\\\/\\\/artworkprofesional.com\\\/producto\\\/pack-cabellos-coloreados\\\/#breadcrumb\"},\"inLanguage\":\"pt-PT\",\"potentialAction\":[{\"@type\":\"ReadAction\",\"target\":[\"https:\\\/\\\/artworkprofesional.com\\\/producto\\\/pack-cabellos-coloreados\\\/\"]}]},{\"@type\":\"ImageObject\",\"inLanguage\":\"pt-PT\",\"@id\":\"https:\\\/\\\/artworkprofesional.com\\\/producto\\\/pack-cabellos-coloreados\\\/#primaryimage\",\"url\":\"https:\\\/\\\/artworkprofesional.com\\\/wp-content\\\/uploads\\\/2023\\\/12\\\/Pack-TrueNature-Coloreado.jpg\",\"contentUrl\":\"https:\\\/\\\/artworkprofesional.com\\\/wp-content\\\/uploads\\\/2023\\\/12\\\/Pack-TrueNature-Coloreado.jpg\",\"width\":800,\"height\":1200},{\"@type\":\"BreadcrumbList\",\"@id\":\"https:\\\/\\\/artworkprofesional.com\\\/producto\\\/pack-cabellos-coloreados\\\/#breadcrumb\",\"itemListElement\":[{\"@type\":\"ListItem\",\"position\":1,\"name\":\"Portada\",\"item\":\"https:\\\/\\\/artworkprofesional.com\\\/\"},{\"@type\":\"ListItem\",\"position\":2,\"name\":\"Tienda\",\"item\":\"https:\\\/\\\/artworkprofesional.com\\\/tienda\\\/\"},{\"@type\":\"ListItem\",\"position\":3,\"name\":\"D\u00fao Cabellos Coloreados True Nature\"}]},{\"@type\":\"WebSite\",\"@id\":\"https:\\\/\\\/artworkprofesional.com\\\/#website\",\"url\":\"https:\\\/\\\/artworkprofesional.com\\\/\",\"name\":\"Art Work Professional\",\"description\":\"Hair Creativity\",\"publisher\":{\"@id\":\"https:\\\/\\\/artworkprofesional.com\\\/#organization\"},\"potentialAction\":[{\"@type\":\"SearchAction\",\"target\":{\"@type\":\"EntryPoint\",\"urlTemplate\":\"https:\\\/\\\/artworkprofesional.com\\\/?s={search_term_string}\"},\"query-input\":{\"@type\":\"PropertyValueSpecification\",\"valueRequired\":true,\"valueName\":\"search_term_string\"}}],\"inLanguage\":\"pt-PT\"},{\"@type\":\"Organization\",\"@id\":\"https:\\\/\\\/artworkprofesional.com\\\/#organization\",\"name\":\"ArtWork Professional\",\"url\":\"https:\\\/\\\/artworkprofesional.com\\\/\",\"logo\":{\"@type\":\"ImageObject\",\"inLanguage\":\"pt-PT\",\"@id\":\"https:\\\/\\\/artworkprofesional.com\\\/#\\\/schema\\\/logo\\\/image\\\/\",\"url\":\"https:\\\/\\\/artworkprofesional.com\\\/wp-content\\\/uploads\\\/2021\\\/03\\\/LOGO-ARTWORK-negro-sinfondo.png\",\"contentUrl\":\"https:\\\/\\\/artworkprofesional.com\\\/wp-content\\\/uploads\\\/2021\\\/03\\\/LOGO-ARTWORK-negro-sinfondo.png\",\"width\":749,\"height\":389,\"caption\":\"ArtWork Professional\"},\"image\":{\"@id\":\"https:\\\/\\\/artworkprofesional.com\\\/#\\\/schema\\\/logo\\\/image\\\/\"},\"sameAs\":[\"https:\\\/\\\/www.facebook.com\\\/artworkprofessional\\\/\",\"https:\\\/\\\/www.instagram.com\\\/artwork.profesional\\\/?hl=es\"]}]}<\/script>\n<!-- \/ Yoast SEO plugin. -->","yoast_head_json":{"title":"D\u00fao Cabellos Coloreados True Nature - Art Work Professional","description":"Equilibra a agressividade dos corantes. .Protege, hidrata, reconstr\u00f3i e ilumina os cabelos coloridos ou descoloridos.","robots":{"index":"index","follow":"follow","max-snippet":"max-snippet:-1","max-image-preview":"max-image-preview:large","max-video-preview":"max-video-preview:-1"},"canonical":"https:\/\/artworkprofesional.com\/pt\/produto\/pack-cabellos-coloreados\/","og_locale":"pt_PT","og_type":"article","og_title":"D\u00fao Cabellos Coloreados True Nature - Art Work Professional","og_description":"Equilibra la agresividad de los tintes. .Protege, hidrata, reconstruye e ilumina el cabello coloreado o decolorado.","og_url":"https:\/\/artworkprofesional.com\/pt\/produto\/pack-cabellos-coloreados\/","og_site_name":"Art Work Professional","article_publisher":"https:\/\/www.facebook.com\/artworkprofessional\/","article_modified_time":"2026-04-29T00:18:06+00:00","og_image":[{"width":800,"height":1200,"url":"https:\/\/artworkprofesional.com\/wp-content\/uploads\/2023\/12\/Pack-TrueNature-Coloreado.jpg","type":"image\/jpeg"}],"twitter_card":"summary_large_image","twitter_misc":{"Tempo estimado de leitura":"2 minutos"},"schema":{"@context":"https:\/\/schema.org","@graph":[{"@type":"WebPage","@id":"https:\/\/artworkprofesional.com\/producto\/pack-cabellos-coloreados\/","url":"https:\/\/artworkprofesional.com\/producto\/pack-cabellos-coloreados\/","name":"D\u00fao Cabellos Coloreados True Nature - Art Work Professional","isPartOf":{"@id":"https:\/\/artworkprofesional.com\/#website"},"primaryImageOfPage":{"@id":"https:\/\/artworkprofesional.com\/producto\/pack-cabellos-coloreados\/#primaryimage"},"image":{"@id":"https:\/\/artworkprofesional.com\/producto\/pack-cabellos-coloreados\/#primaryimage"},"thumbnailUrl":"https:\/\/artworkprofesional.com\/wp-content\/uploads\/2023\/12\/Pack-TrueNature-Coloreado.jpg","datePublished":"2023-12-01T08:36:20+00:00","dateModified":"2026-04-29T00:18:06+00:00","description":"Equilibra a agressividade dos corantes. .Protege, hidrata, reconstr\u00f3i e ilumina os cabelos coloridos ou descoloridos.","breadcrumb":{"@id":"https:\/\/artworkprofesional.com\/producto\/pack-cabellos-coloreados\/#breadcrumb"},"inLanguage":"pt-PT","potentialAction":[{"@type":"ReadAction","target":["https:\/\/artworkprofesional.com\/producto\/pack-cabellos-coloreados\/"]}]},{"@type":"ImageObject","inLanguage":"pt-PT","@id":"https:\/\/artworkprofesional.com\/producto\/pack-cabellos-coloreados\/#primaryimage","url":"https:\/\/artworkprofesional.com\/wp-content\/uploads\/2023\/12\/Pack-TrueNature-Coloreado.jpg","contentUrl":"https:\/\/artworkprofesional.com\/wp-content\/uploads\/2023\/12\/Pack-TrueNature-Coloreado.jpg","width":800,"height":1200},{"@type":"BreadcrumbList","@id":"https:\/\/artworkprofesional.com\/producto\/pack-cabellos-coloreados\/#breadcrumb","itemListElement":[{"@type":"ListItem","position":1,"name":"Portada","item":"https:\/\/artworkprofesional.com\/"},{"@type":"ListItem","position":2,"name":"Tienda","item":"https:\/\/artworkprofesional.com\/tienda\/"},{"@type":"ListItem","position":3,"name":"D\u00fao Cabellos Coloreados True Nature"}]},{"@type":"WebSite","@id":"https:\/\/artworkprofesional.com\/#website","url":"https:\/\/artworkprofesional.com\/","name":"Art Work Professional","description":"Criatividade Capilar","publisher":{"@id":"https:\/\/artworkprofesional.com\/#organization"},"potentialAction":[{"@type":"SearchAction","target":{"@type":"EntryPoint","urlTemplate":"https:\/\/artworkprofesional.com\/?s={search_term_string}"},"query-input":{"@type":"PropertyValueSpecification","valueRequired":true,"valueName":"search_term_string"}}],"inLanguage":"pt-PT"},{"@type":"Organization","@id":"https:\/\/artworkprofesional.com\/#organization","name":"ArtWork Professional","url":"https:\/\/artworkprofesional.com\/","logo":{"@type":"ImageObject","inLanguage":"pt-PT","@id":"https:\/\/artworkprofesional.com\/#\/schema\/logo\/image\/","url":"https:\/\/artworkprofesional.com\/wp-content\/uploads\/2021\/03\/LOGO-ARTWORK-negro-sinfondo.png","contentUrl":"https:\/\/artworkprofesional.com\/wp-content\/uploads\/2021\/03\/LOGO-ARTWORK-negro-sinfondo.png","width":749,"height":389,"caption":"ArtWork Professional"},"image":{"@id":"https:\/\/artworkprofesional.com\/#\/schema\/logo\/image\/"},"sameAs":["https:\/\/www.facebook.com\/artworkprofessional\/","https:\/\/www.instagram.com\/artwork.profesional\/?hl=es"]}]}},"_links":{"self":[{"href":"https:\/\/artworkprofesional.com\/pt\/wp-json\/wp\/v2\/product\/1922","targetHints":{"allow":["GET"]}}],"collection":[{"href":"https:\/\/artworkprofesional.com\/pt\/wp-json\/wp\/v2\/product"}],"about":[{"href":"https:\/\/artworkprofesional.com\/pt\/wp-json\/wp\/v2\/types\/product"}],"wp:featuredmedia":[{"embeddable":true,"href":"https:\/\/artworkprofesional.com\/pt\/wp-json\/wp\/v2\/media\/4427"}],"wp:attachment":[{"href":"https:\/\/artworkprofesional.com\/pt\/wp-json\/wp\/v2\/media?parent=1922"}],"wp:term":[{"taxonomy":"product_brand","embeddable":true,"href":"https:\/\/artworkprofesional.com\/pt\/wp-json\/wp\/v2\/product_brand?post=1922"},{"taxonomy":"product_cat","embeddable":true,"href":"https:\/\/artworkprofesional.com\/pt\/wp-json\/wp\/v2\/product_cat?post=1922"},{"taxonomy":"product_tag","embeddable":true,"href":"https:\/\/artworkprofesional.com\/pt\/wp-json\/wp\/v2\/product_tag?post=1922"}],"curies":[{"name":"wp","href":"https:\/\/api.w.org\/{rel}","templated":true}]}}